{"id":829,"date":"2016-05-19T11:04:26","date_gmt":"2016-05-19T11:04:26","guid":{"rendered":"https:\/\/emanpackaging.com\/eu\/?page_id=829"},"modified":"2024-07-24T08:49:21","modified_gmt":"2024-07-24T08:49:21","slug":"blog","status":"publish","type":"page","link":"https:\/\/emanpackaging.com\/eu\/blog\/","title":{"rendered":"Blog"},"content":{"rendered":"<div class=\"fusion-fullwidth fullwidth-box fusion-builder-row-1 hundred-percent-fullwidth non-hundred-percent-height-scrolling\" style=\"--awb-border-radius-top-left:0px;--awb-border-radius-top-right:0px;--awb-border-radius-bottom-right:0px;--awb-border-radius-bottom-left:0px;--awb-overflow:visible;--awb-flex-wrap:wrap;\" ><div class=\"fusion-builder-row fusion-row\"><div class=\"fusion-layout-column fusion_builder_column fusion-builder-column-0 fusion_builder_column_1_1 1_1 fusion-one-full fusion-column-first fusion-column-last fusion-column-no-min-height\" style=\"--awb-bg-size:cover;--awb-margin-bottom:0px;\"><div class=\"fusion-column-wrapper fusion-flex-column-wrapper-legacy\"><div class=\"fusion-blog-shortcode fusion-blog-shortcode-1 fusion-blog-archive fusion-blog-layout-grid-wrapper fusion-blog-pagination\"><style type=\"text\/css\">.fusion-blog-shortcode-1 .fusion-blog-layout-grid .fusion-post-grid{padding:20px;}.fusion-blog-shortcode-1 .fusion-posts-container{margin-left: -20px !important; margin-right:-20px !important;}<\/style><div class=\"fusion-posts-container fusion-posts-container-pagination fusion-blog-rollover fusion-blog-layout-grid fusion-blog-layout-grid-3 isotope\" data-pages=\"1\" data-grid-col-space=\"40\" style=\"margin: -20px -20px 0;min-height:500px;\"><article id=\"blog-1-post-1452\" class=\"fusion-post-grid post-1452 post type-post status-publish format-standard has-post-thumbnail hentry category-eman-eu tag-2016-eu tag-eman-eu tag-feria-eu tag-grupo-docu-world-eu tag-packaging-2-eu tag-paris-eu\">\n<div class=\"fusion-post-wrapper\" style=\"background-color:rgba(255,255,255,0);border:1px solid #ebeaea;border-bottom-width:3px;\">\n\n\t\t\t<div class=\"fusion-flexslider flexslider fusion-flexslider-loading fusion-post-slideshow\" style=\"border-color:#ebeaea;\">\n\t\t<ul class=\"slides\">\n\t\t\t\n\t\t\t\t\t\t\t\t\t\t\t\t\t\t<li><div  class=\"fusion-image-wrapper\" aria-haspopup=\"true\">\n\t\t\t\t<img decoding=\"async\" width=\"640\" height=\"363\" src=\"https:\/\/emanpackaging.com\/wp-content\/uploads\/2016\/11\/All4pack-Paris-2016-8.jpg\" class=\"attachment-full size-full wp-post-image\" alt=\"\" \/><div class=\"fusion-rollover\">\n\t<div class=\"fusion-rollover-content\">\n\n\t\t\t\t\t\t\t\t\t\t\t\t\t\t<a class=\"fusion-rollover-link\" href=\"https:\/\/emanpackaging.com\/eu\/eman-en-la-feria-all4pack-2016-en-paris\/\">Eman en la feria All4Pack 2016 en Par\u00eds<\/a>\n\t\t\t\n\t\t\t\t\t\t\t\t\t\t\t\t\t\t\n\t\t\t\t\t\t\t\t\n\t\t\t\t\t\t\t\t\t\t\t\t\t<div class=\"fusion-rollover-sep\"><\/div>\n\t\t\t\t\n\t\t\t\t\t\t\t\t\t\t\t\t\t\t\t\t\t\t<a class=\"fusion-rollover-gallery\" href=\"https:\/\/emanpackaging.com\/wp-content\/uploads\/2016\/11\/All4pack-Paris-2016-8.jpg\" data-options=\"\" data-id=\"1452\" data-rel=\"iLightbox[gallery]\" data-title=\"All4pack Paris 2016 8\" data-caption=\"\">\n\t\t\t\t\t\tGallery\t\t\t\t\t<\/a>\n\t\t\t\t\t\t\t\t\t\t\t\t\t\t\n\t\t\n\t\t\t\t\t\t\t\t\t\t\t\t<h4 class=\"fusion-rollover-title\">\n\t\t\t\t\t<a class=\"fusion-rollover-title-link\" href=\"https:\/\/emanpackaging.com\/eu\/eman-en-la-feria-all4pack-2016-en-paris\/\">\n\t\t\t\t\t\tEman en la feria All4Pack 2016 en Par\u00eds\t\t\t\t\t<\/a>\n\t\t\t\t<\/h4>\n\t\t\t\n\t\t\t\t\t\t\t\t\t\t<div class=\"fusion-rollover-categories\"><a href=\"https:\/\/emanpackaging.com\/eu\/category\/eman-eu\/\" rel=\"tag\">Eman<\/a><\/div>\t\t\t\t\t\n\t\t\n\t\t\t\t\t\t<a class=\"fusion-link-wrapper\" href=\"https:\/\/emanpackaging.com\/eu\/eman-en-la-feria-all4pack-2016-en-paris\/\" aria-label=\"Eman en la feria All4Pack 2016 en Par\u00eds\"><\/a>\n\t<\/div>\n<\/div>\n<\/div>\n<\/li>\n\t\t\t\n\t\t\t\n\t\t\t\t\t\t\t\t\t\t\t\t\t\t\t\t\t\t\t\t\t\t\t\t\t\t\t\t\t\t\t\t\t\t\t\t\t\t\t\t\t\t\t\t\t\t\t\t\t\t\t\t\t\t\t\t\t\t\t\t\t\t\t\t\t\t\t\t<\/ul>\n\t<\/div>\n\t<div class=\"fusion-post-content-wrapper\" style=\"padding:30px 25px 25px 25px;\"><div class=\"fusion-post-content post-content\"><h2 class=\"blog-shortcode-post-title entry-title\"><a href=\"https:\/\/emanpackaging.com\/eu\/eman-en-la-feria-all4pack-2016-en-paris\/\">Eman en la feria All4Pack 2016 en Par\u00eds<\/a><\/h2><p class=\"fusion-single-line-meta\"><span class=\"vcard\" style=\"display: none;\"><span class=\"fn\"><a href=\"https:\/\/emanpackaging.com\/eu\/author\/eman\/\" title=\"eman(r)en bidalketak\" rel=\"author\">eman<\/a><\/span><\/span><span class=\"updated\" style=\"display:none;\">2024-07-24T08:49:31+01:00<\/span><span>22\/11\/2016<\/span><span class=\"fusion-inline-sep\">|<\/span><\/p><div class=\"fusion-content-sep sep-double sep-solid\"><\/div><div class=\"fusion-post-content-container\"><p> La semana pasada participamos en la 42\u00ba edici\u00f3n de la Feria Internacional All4Pack Emballage 2016, que se ha celebrado en Par\u00eds del 14 al 17 de noviembre. Ha sido una experiencia muy satisfactoria, hemos [...]<\/p><\/div><\/div><div class=\"fusion-meta-info\"><div class=\"fusion-alignleft\"><a class=\"fusion-read-more\" href=\"https:\/\/emanpackaging.com\/eu\/eman-en-la-feria-all4pack-2016-en-paris\/\" aria-label=\"More on Eman en la feria All4Pack 2016 en Par\u00eds\">Read More<\/a><\/div><\/div><\/div><div class=\"fusion-clearfix\"><\/div><\/div>\n<\/article>\n<article id=\"blog-1-post-1281\" class=\"fusion-post-grid post-1281 post type-post status-publish format-standard has-post-thumbnail hentry category-eman-eu tag-2016-eu tag-eman-eu tag-emballage-eu tag-feria-eu tag-grupo-docu-world-eu tag-packaging-2-eu\">\n<div class=\"fusion-post-wrapper\" style=\"background-color:rgba(255,255,255,0);border:1px solid #ebeaea;border-bottom-width:3px;\">\n\n\t\t\t<div class=\"fusion-flexslider flexslider fusion-flexslider-loading fusion-post-slideshow\" style=\"border-color:#ebeaea;\">\n\t\t<ul class=\"slides\">\n\t\t\t\n\t\t\t\t\t\t\t\t\t\t\t\t\t\t<li><div  class=\"fusion-image-wrapper\" aria-haspopup=\"true\">\n\t\t\t\t<img decoding=\"async\" width=\"1856\" height=\"1306\" src=\"https:\/\/emanpackaging.com\/wp-content\/uploads\/2016\/09\/eman-nde-emballage.jpg\" class=\"attachment-full size-full wp-post-image\" alt=\"Feria Emballage Par\u00eds\" \/><div class=\"fusion-rollover\">\n\t<div class=\"fusion-rollover-content\">\n\n\t\t\t\t\t\t\t\t\t\t\t\t\t\t<a class=\"fusion-rollover-link\" href=\"https:\/\/emanpackaging.com\/eu\/all4pack_paris\/\">Participamos en la feria All4Pack &#8211; Emballage 2016 de Par\u00eds<\/a>\n\t\t\t\n\t\t\t\t\t\t\t\t\t\t\t\t\t\t\n\t\t\t\t\t\t\t\t\n\t\t\t\t\t\t\t\t\t\t\t\t\t<div class=\"fusion-rollover-sep\"><\/div>\n\t\t\t\t\n\t\t\t\t\t\t\t\t\t\t\t\t\t\t\t\t\t\t<a class=\"fusion-rollover-gallery\" href=\"https:\/\/emanpackaging.com\/wp-content\/uploads\/2016\/09\/eman-nde-emballage.jpg\" data-options=\"\" data-id=\"1281\" data-rel=\"iLightbox[gallery]\" data-title=\"eman-nde-emballage\" data-caption=\"\">\n\t\t\t\t\t\tGallery\t\t\t\t\t<\/a>\n\t\t\t\t\t\t\t\t\t\t\t\t\t\t\n\t\t\n\t\t\t\t\t\t\t\t\t\t\t\t<h4 class=\"fusion-rollover-title\">\n\t\t\t\t\t<a class=\"fusion-rollover-title-link\" href=\"https:\/\/emanpackaging.com\/eu\/all4pack_paris\/\">\n\t\t\t\t\t\tParticipamos en la feria All4Pack &#8211; Emballage 2016 de Par\u00eds\t\t\t\t\t<\/a>\n\t\t\t\t<\/h4>\n\t\t\t\n\t\t\t\t\t\t\t\t\t\t<div class=\"fusion-rollover-categories\"><a href=\"https:\/\/emanpackaging.com\/eu\/category\/eman-eu\/\" rel=\"tag\">Eman<\/a><\/div>\t\t\t\t\t\n\t\t\n\t\t\t\t\t\t<a class=\"fusion-link-wrapper\" href=\"https:\/\/emanpackaging.com\/eu\/all4pack_paris\/\" aria-label=\"Participamos en la feria All4Pack &#8211; Emballage 2016 de Par\u00eds\"><\/a>\n\t<\/div>\n<\/div>\n<\/div>\n<\/li>\n\t\t\t\n\t\t\t\n\t\t\t\t\t\t\t\t\t\t\t\t\t\t\t\t\t\t\t\t\t\t\t\t\t\t\t\t\t\t\t\t\t\t\t\t\t\t\t\t\t\t\t\t\t\t\t\t\t\t\t\t\t\t\t\t\t\t\t\t\t\t\t\t\t\t\t\t<\/ul>\n\t<\/div>\n\t<div class=\"fusion-post-content-wrapper\" style=\"padding:30px 25px 25px 25px;\"><div class=\"fusion-post-content post-content\"><h2 class=\"blog-shortcode-post-title entry-title\"><a href=\"https:\/\/emanpackaging.com\/eu\/all4pack_paris\/\">Participamos en la feria All4Pack &#8211; Emballage 2016 de Par\u00eds<\/a><\/h2><p class=\"fusion-single-line-meta\"><span class=\"vcard\" style=\"display: none;\"><span class=\"fn\"><a href=\"https:\/\/emanpackaging.com\/eu\/author\/eman\/\" title=\"eman(r)en bidalketak\" rel=\"author\">eman<\/a><\/span><\/span><span class=\"updated\" style=\"display:none;\">2024-07-24T08:49:33+01:00<\/span><span>25\/08\/2016<\/span><span class=\"fusion-inline-sep\">|<\/span><\/p><div class=\"fusion-content-sep sep-double sep-solid\"><\/div><div class=\"fusion-post-content-container\"><p>Estamos muy contentos de anunciaros nuestra presencia en la Feria Internacional Emballage All4Pack 2016 de Par\u00eds del 14 al 17 de Noviembre. La Feria All4Pack Emballage es el punto de encuentro m\u00e1s importante del sector [...]<\/p><\/div><\/div><div class=\"fusion-meta-info\"><div class=\"fusion-alignleft\"><a class=\"fusion-read-more\" href=\"https:\/\/emanpackaging.com\/eu\/all4pack_paris\/\" aria-label=\"More on Participamos en la feria All4Pack &#8211; Emballage 2016 de Par\u00eds\">Read More<\/a><\/div><\/div><\/div><div class=\"fusion-clearfix\"><\/div><\/div>\n<\/article>\n<article id=\"blog-1-post-1287\" class=\"fusion-post-grid post-1287 post type-post status-publish format-standard has-post-thumbnail hentry category-eman-eu tag-eman-eu tag-industria-eu tag-packaging-2-eu\">\n<div class=\"fusion-post-wrapper\" style=\"background-color:rgba(255,255,255,0);border:1px solid #ebeaea;border-bottom-width:3px;\">\n\n\t\t\t<div class=\"fusion-flexslider flexslider fusion-flexslider-loading fusion-post-slideshow\" style=\"border-color:#ebeaea;\">\n\t\t<ul class=\"slides\">\n\t\t\t\n\t\t\t\t\t\t\t\t\t\t\t\t\t\t<li><div  class=\"fusion-image-wrapper\" aria-haspopup=\"true\">\n\t\t\t\t<img decoding=\"async\" width=\"1328\" height=\"747\" src=\"https:\/\/emanpackaging.com\/wp-content\/uploads\/2016\/09\/Eman-DocuWorld-DRUPA.jpg\" class=\"attachment-full size-full wp-post-image\" alt=\"Eman DocuWorld DRUPA\" \/><div class=\"fusion-rollover\">\n\t<div class=\"fusion-rollover-content\">\n\n\t\t\t\t\t\t\t\t\t\t\t\t\t\t<a class=\"fusion-rollover-link\" href=\"https:\/\/emanpackaging.com\/eu\/nueva-maquina-kba-106\/\">Reforzamos nuestra infraestructura con una KBA 106<\/a>\n\t\t\t\n\t\t\t\t\t\t\t\t\t\t\t\t\t\t\n\t\t\t\t\t\t\t\t\n\t\t\t\t\t\t\t\t\t\t\t\t\t<div class=\"fusion-rollover-sep\"><\/div>\n\t\t\t\t\n\t\t\t\t\t\t\t\t\t\t\t\t\t\t\t\t\t\t<a class=\"fusion-rollover-gallery\" href=\"https:\/\/emanpackaging.com\/wp-content\/uploads\/2016\/09\/Eman-DocuWorld-DRUPA.jpg\" data-options=\"\" data-id=\"1287\" data-rel=\"iLightbox[gallery]\" data-title=\"Eman-DocuWorld-DRUPA\" data-caption=\"\">\n\t\t\t\t\t\tGallery\t\t\t\t\t<\/a>\n\t\t\t\t\t\t\t\t\t\t\t\t\t\t\n\t\t\n\t\t\t\t\t\t\t\t\t\t\t\t<h4 class=\"fusion-rollover-title\">\n\t\t\t\t\t<a class=\"fusion-rollover-title-link\" href=\"https:\/\/emanpackaging.com\/eu\/nueva-maquina-kba-106\/\">\n\t\t\t\t\t\tReforzamos nuestra infraestructura con una KBA 106\t\t\t\t\t<\/a>\n\t\t\t\t<\/h4>\n\t\t\t\n\t\t\t\t\t\t\t\t\t\t<div class=\"fusion-rollover-categories\"><a href=\"https:\/\/emanpackaging.com\/eu\/category\/eman-eu\/\" rel=\"tag\">Eman<\/a><\/div>\t\t\t\t\t\n\t\t\n\t\t\t\t\t\t<a class=\"fusion-link-wrapper\" href=\"https:\/\/emanpackaging.com\/eu\/nueva-maquina-kba-106\/\" aria-label=\"Reforzamos nuestra infraestructura con una KBA 106\"><\/a>\n\t<\/div>\n<\/div>\n<\/div>\n<\/li>\n\t\t\t\n\t\t\t\n\t\t\t\t\t\t\t\t\t\t\t\t\t\t\t\t\t\t\t\t\t\t\t\t\t\t\t\t\t\t\t\t\t\t\t\t\t\t\t\t\t\t\t\t\t\t\t\t\t\t\t\t\t\t\t\t\t\t\t\t\t\t\t\t\t\t\t\t<\/ul>\n\t<\/div>\n\t<div class=\"fusion-post-content-wrapper\" style=\"padding:30px 25px 25px 25px;\"><div class=\"fusion-post-content post-content\"><h2 class=\"blog-shortcode-post-title entry-title\"><a href=\"https:\/\/emanpackaging.com\/eu\/nueva-maquina-kba-106\/\">Reforzamos nuestra infraestructura con una KBA 106<\/a><\/h2><p class=\"fusion-single-line-meta\"><span class=\"vcard\" style=\"display: none;\"><span class=\"fn\"><a href=\"https:\/\/emanpackaging.com\/eu\/author\/eman\/\" title=\"eman(r)en bidalketak\" rel=\"author\">eman<\/a><\/span><\/span><span class=\"updated\" style=\"display:none;\">2024-07-24T08:49:35+01:00<\/span><span>15\/06\/2016<\/span><span class=\"fusion-inline-sep\">|<\/span><\/p><div class=\"fusion-content-sep sep-double sep-solid\"><\/div><div class=\"fusion-post-content-container\"><p> Ricardo Sempere (Gerente de Eman), Representate de Koenig &amp; Bauer AG, Jos\u00e9 Ram\u00f3n Benito (Presidente del grupo Docu-World) y David Martin (Eman)  Recientemente hemos asistido a la Feria DRUPA de D\u00fcsseldorf, donde se [...]<\/p><\/div><\/div><div class=\"fusion-meta-info\"><div class=\"fusion-alignleft\"><a class=\"fusion-read-more\" href=\"https:\/\/emanpackaging.com\/eu\/nueva-maquina-kba-106\/\" aria-label=\"More on Reforzamos nuestra infraestructura con una KBA 106\">Read More<\/a><\/div><\/div><\/div><div class=\"fusion-clearfix\"><\/div><\/div>\n<\/article>\n<article id=\"blog-1-post-1294\" class=\"fusion-post-grid post-1294 post type-post status-publish format-standard has-post-thumbnail hentry category-acabados-eu category-barniz-uv-eu category-packaging-eu tag-acabado-eu tag-barniz-uvi-eu tag-packaging-2-eu tag-reserva-eu\">\n<div class=\"fusion-post-wrapper\" style=\"background-color:rgba(255,255,255,0);border:1px solid #ebeaea;border-bottom-width:3px;\">\n\n\t\t\t<div class=\"fusion-flexslider flexslider fusion-flexslider-loading fusion-post-slideshow\" style=\"border-color:#ebeaea;\">\n\t\t<ul class=\"slides\">\n\t\t\t\n\t\t\t\t\t\t\t\t\t\t\t\t\t\t<li><div  class=\"fusion-image-wrapper\" aria-haspopup=\"true\">\n\t\t\t\t<img decoding=\"async\" width=\"800\" height=\"600\" src=\"https:\/\/emanpackaging.com\/wp-content\/uploads\/2014\/12\/uvibarnizmate.jpg\" class=\"attachment-full size-full wp-post-image\" alt=\"Acabado UVI sobre barniz mate\" \/><div class=\"fusion-rollover\">\n\t<div class=\"fusion-rollover-content\">\n\n\t\t\t\t\t\t\t\t\t\t\t\t\t\t<a class=\"fusion-rollover-link\" href=\"https:\/\/emanpackaging.com\/eu\/acabado-uvi-sobre-barniz-mate\/\">Acabado UVI sobre Barniz Mate<\/a>\n\t\t\t\n\t\t\t\t\t\t\t\t\t\t\t\t\t\t\n\t\t\t\t\t\t\t\t\n\t\t\t\t\t\t\t\t\t\t\t\t\t<div class=\"fusion-rollover-sep\"><\/div>\n\t\t\t\t\n\t\t\t\t\t\t\t\t\t\t\t\t\t\t\t\t\t\t<a class=\"fusion-rollover-gallery\" href=\"https:\/\/emanpackaging.com\/wp-content\/uploads\/2014\/12\/uvibarnizmate.jpg\" data-options=\"\" data-id=\"1294\" data-rel=\"iLightbox[gallery]\" data-title=\"uvi+barnizmate\" data-caption=\"\">\n\t\t\t\t\t\tGallery\t\t\t\t\t<\/a>\n\t\t\t\t\t\t\t\t\t\t\t\t\t\t\n\t\t\n\t\t\t\t\t\t\t\t\t\t\t\t<h4 class=\"fusion-rollover-title\">\n\t\t\t\t\t<a class=\"fusion-rollover-title-link\" href=\"https:\/\/emanpackaging.com\/eu\/acabado-uvi-sobre-barniz-mate\/\">\n\t\t\t\t\t\tAcabado UVI sobre Barniz Mate\t\t\t\t\t<\/a>\n\t\t\t\t<\/h4>\n\t\t\t\n\t\t\t\t\t\t\t\t\t\t<div class=\"fusion-rollover-categories\"><a href=\"https:\/\/emanpackaging.com\/eu\/category\/acabados-eu\/\" rel=\"tag\">Acabados<\/a>, <a href=\"https:\/\/emanpackaging.com\/eu\/category\/barniz-uv-eu\/\" rel=\"tag\">barniz UV<\/a>, <a href=\"https:\/\/emanpackaging.com\/eu\/category\/packaging-eu\/\" rel=\"tag\">packaging<\/a><\/div>\t\t\t\t\t\n\t\t\n\t\t\t\t\t\t<a class=\"fusion-link-wrapper\" href=\"https:\/\/emanpackaging.com\/eu\/acabado-uvi-sobre-barniz-mate\/\" aria-label=\"Acabado UVI sobre Barniz Mate\"><\/a>\n\t<\/div>\n<\/div>\n<\/div>\n<\/li>\n\t\t\t\n\t\t\t\n\t\t\t\t\t\t\t\t\t\t\t\t\t\t\t\t\t\t\t\t\t\t\t\t\t\t\t\t\t\t\t\t\t\t\t\t\t\t\t\t\t\t\t\t\t\t\t\t\t\t\t\t\t\t\t\t\t\t\t\t\t\t\t\t\t\t\t\t<\/ul>\n\t<\/div>\n\t<div class=\"fusion-post-content-wrapper\" style=\"padding:30px 25px 25px 25px;\"><div class=\"fusion-post-content post-content\"><h2 class=\"blog-shortcode-post-title entry-title\"><a href=\"https:\/\/emanpackaging.com\/eu\/acabado-uvi-sobre-barniz-mate\/\">Acabado UVI sobre Barniz Mate<\/a><\/h2><p class=\"fusion-single-line-meta\"><span class=\"vcard\" style=\"display: none;\"><span class=\"fn\"><a href=\"https:\/\/emanpackaging.com\/eu\/author\/eman\/\" title=\"eman(r)en bidalketak\" rel=\"author\">eman<\/a><\/span><\/span><span class=\"updated\" style=\"display:none;\">2024-07-24T08:49:36+01:00<\/span><span>11\/05\/2016<\/span><span class=\"fusion-inline-sep\">|<\/span><\/p><div class=\"fusion-content-sep sep-double sep-solid\"><\/div><div class=\"fusion-post-content-container\"><p><\/p><p>Jugando con la reserva del barniz UVI sobre superficies mate accedemos a un mundo de posibilidades. Si quieres que tu packaging tenga un efecto sutil y elegante, puedes utilizar el acabado de barniz UVI con [...]<\/p><\/div><\/div><div class=\"fusion-meta-info\"><div class=\"fusion-alignleft\"><a class=\"fusion-read-more\" href=\"https:\/\/emanpackaging.com\/eu\/acabado-uvi-sobre-barniz-mate\/\" aria-label=\"More on Acabado UVI sobre Barniz Mate\">Read More<\/a><\/div><\/div><\/div><div class=\"fusion-clearfix\"><\/div><\/div>\n<\/article>\n<article id=\"blog-1-post-1300\" class=\"fusion-post-grid post-1300 post type-post status-publish format-standard has-post-thumbnail hentry category-alimentacion-eu category-barniz-uv-eu category-cosmetica-eu category-joyeria-eu category-packaging-eu category-plastificado-eu category-tecnologia-packaging-eu tag-acabado-eu tag-barniz-uvi-eu tag-caja-eu tag-carton-eu tag-envase-eu tag-industria-eu tag-pantone-eu tag-plastificado-mate-eu tag-presentacion-eu tag-producto-eu\">\n<div class=\"fusion-post-wrapper\" style=\"background-color:rgba(255,255,255,0);border:1px solid #ebeaea;border-bottom-width:3px;\">\n\n\t\t\t<div class=\"fusion-flexslider flexslider fusion-flexslider-loading fusion-post-slideshow\" style=\"border-color:#ebeaea;\">\n\t\t<ul class=\"slides\">\n\t\t\t\n\t\t\t\t\t\t\t\t\t\t\t\t\t\t<li><div  class=\"fusion-image-wrapper\" aria-haspopup=\"true\">\n\t\t\t\t<img decoding=\"async\" width=\"568\" height=\"384\" src=\"https:\/\/emanpackaging.com\/wp-content\/uploads\/2016\/06\/caja-compacta.jpg\" class=\"attachment-full size-full wp-post-image\" alt=\"caja doble compacta\" \/><div class=\"fusion-rollover\">\n\t<div class=\"fusion-rollover-content\">\n\n\t\t\t\t\t\t\t\t\t\t\t\t\t\t<a class=\"fusion-rollover-link\" href=\"https:\/\/emanpackaging.com\/eu\/caja-reserva-barniz\/\">Caja doble con reserva de barniz<\/a>\n\t\t\t\n\t\t\t\t\t\t\t\t\t\t\t\t\t\t\n\t\t\t\t\t\t\t\t\n\t\t\t\t\t\t\t\t\t\t\t\t\t<div class=\"fusion-rollover-sep\"><\/div>\n\t\t\t\t\n\t\t\t\t\t\t\t\t\t\t\t\t\t\t\t\t\t\t<a class=\"fusion-rollover-gallery\" href=\"https:\/\/emanpackaging.com\/wp-content\/uploads\/2016\/06\/caja-compacta.jpg\" data-options=\"\" data-id=\"1300\" data-rel=\"iLightbox[gallery]\" data-title=\"caja-compacta\" data-caption=\"\">\n\t\t\t\t\t\tGallery\t\t\t\t\t<\/a>\n\t\t\t\t\t\t\t\t\t\t\t\t\t\t\n\t\t\n\t\t\t\t\t\t\t\t\t\t\t\t<h4 class=\"fusion-rollover-title\">\n\t\t\t\t\t<a class=\"fusion-rollover-title-link\" href=\"https:\/\/emanpackaging.com\/eu\/caja-reserva-barniz\/\">\n\t\t\t\t\t\tCaja doble con reserva de barniz\t\t\t\t\t<\/a>\n\t\t\t\t<\/h4>\n\t\t\t\n\t\t\t\t\t\t\t\t\t\t<div class=\"fusion-rollover-categories\"><a href=\"https:\/\/emanpackaging.com\/eu\/category\/alimentacion-eu\/\" rel=\"tag\">alimentaci\u00f3n<\/a>, <a href=\"https:\/\/emanpackaging.com\/eu\/category\/barniz-uv-eu\/\" rel=\"tag\">barniz UV<\/a>, <a href=\"https:\/\/emanpackaging.com\/eu\/category\/cosmetica-eu\/\" rel=\"tag\">cosm\u00e9tica<\/a>, <a href=\"https:\/\/emanpackaging.com\/eu\/category\/joyeria-eu\/\" rel=\"tag\">joyer\u00eda<\/a>, <a href=\"https:\/\/emanpackaging.com\/eu\/category\/packaging-eu\/\" rel=\"tag\">packaging<\/a>, <a href=\"https:\/\/emanpackaging.com\/eu\/category\/plastificado-eu\/\" rel=\"tag\">plastificado<\/a>, <a href=\"https:\/\/emanpackaging.com\/eu\/category\/tecnologia-packaging-eu\/\" rel=\"tag\">Tecnologia<\/a><\/div>\t\t\t\t\t\n\t\t\n\t\t\t\t\t\t<a class=\"fusion-link-wrapper\" href=\"https:\/\/emanpackaging.com\/eu\/caja-reserva-barniz\/\" aria-label=\"Caja doble con reserva de barniz\"><\/a>\n\t<\/div>\n<\/div>\n<\/div>\n<\/li>\n\t\t\t\n\t\t\t\n\t\t\t\t\t\t\t\t\t\t\t\t\t\t\t\t\t\t\t\t\t\t\t\t\t\t\t\t\t\t\t\t\t\t\t\t\t\t\t\t\t\t\t\t\t\t\t\t\t\t\t\t\t\t\t\t\t\t\t\t\t\t\t\t\t\t\t\t<\/ul>\n\t<\/div>\n\t<div class=\"fusion-post-content-wrapper\" style=\"padding:30px 25px 25px 25px;\"><div class=\"fusion-post-content post-content\"><h2 class=\"blog-shortcode-post-title entry-title\"><a href=\"https:\/\/emanpackaging.com\/eu\/caja-reserva-barniz\/\">Caja doble con reserva de barniz<\/a><\/h2><p class=\"fusion-single-line-meta\"><span class=\"vcard\" style=\"display: none;\"><span class=\"fn\"><a href=\"https:\/\/emanpackaging.com\/eu\/author\/eman\/\" title=\"eman(r)en bidalketak\" rel=\"author\">eman<\/a><\/span><\/span><span class=\"updated\" style=\"display:none;\">2024-07-24T08:49:37+01:00<\/span><span>11\/03\/2016<\/span><span class=\"fusion-inline-sep\">|<\/span><\/p><div class=\"fusion-content-sep sep-double sep-solid\"><\/div><div class=\"fusion-post-content-container\"><p><\/p><p>Os queremos presentar un packaging muy especial. La sofisticaci\u00f3n y elegancia de este envase transmite al consumidor valores como el lujo, la calidad y la distinci\u00f3n. Este efecto se consigue d\u00e1ndole un acabado especial a [...]<\/p><\/div><\/div><div class=\"fusion-meta-info\"><div class=\"fusion-alignleft\"><a class=\"fusion-read-more\" href=\"https:\/\/emanpackaging.com\/eu\/caja-reserva-barniz\/\" aria-label=\"More on Caja doble con reserva de barniz\">Read More<\/a><\/div><\/div><\/div><div class=\"fusion-clearfix\"><\/div><\/div>\n<\/article>\n<article id=\"blog-1-post-1303\" class=\"fusion-post-grid post-1303 post type-post status-publish format-standard has-post-thumbnail hentry category-cosmetica-eu category-farmacia-eu category-packaging-eu tag-ampollas-eu tag-carton-eu tag-cosmetica-eu tag-envase-eu tag-estuche-eu tag-farmacia-eu\">\n<div class=\"fusion-post-wrapper\" style=\"background-color:rgba(255,255,255,0);border:1px solid #ebeaea;border-bottom-width:3px;\">\n\n\t\t\t<div class=\"fusion-flexslider flexslider fusion-flexslider-loading fusion-post-slideshow\" style=\"border-color:#ebeaea;\">\n\t\t<ul class=\"slides\">\n\t\t\t\n\t\t\t\t\t\t\t\t\t\t\t\t\t\t<li><div  class=\"fusion-image-wrapper\" aria-haspopup=\"true\">\n\t\t\t\t<img decoding=\"async\" width=\"355\" height=\"346\" src=\"https:\/\/emanpackaging.com\/wp-content\/uploads\/2016\/06\/caja-farmacia-ampollas.jpg\" class=\"attachment-full size-full wp-post-image\" alt=\"caja farmacia ampollas\" \/><div class=\"fusion-rollover\">\n\t<div class=\"fusion-rollover-content\">\n\n\t\t\t\t\t\t\t\t\t\t\t\t\t\t<a class=\"fusion-rollover-link\" href=\"https:\/\/emanpackaging.com\/eu\/packaging-para-farmacia\/\">Packaging para farmacia<\/a>\n\t\t\t\n\t\t\t\t\t\t\t\t\t\t\t\t\t\t\n\t\t\t\t\t\t\t\t\n\t\t\t\t\t\t\t\t\t\t\t\t\t<div class=\"fusion-rollover-sep\"><\/div>\n\t\t\t\t\n\t\t\t\t\t\t\t\t\t\t\t\t\t\t\t\t\t\t<a class=\"fusion-rollover-gallery\" href=\"https:\/\/emanpackaging.com\/wp-content\/uploads\/2016\/06\/caja-farmacia-ampollas.jpg\" data-options=\"\" data-id=\"1303\" data-rel=\"iLightbox[gallery]\" data-title=\"caja-farmacia-ampollas\" data-caption=\"\">\n\t\t\t\t\t\tGallery\t\t\t\t\t<\/a>\n\t\t\t\t\t\t\t\t\t\t\t\t\t\t\n\t\t\n\t\t\t\t\t\t\t\t\t\t\t\t<h4 class=\"fusion-rollover-title\">\n\t\t\t\t\t<a class=\"fusion-rollover-title-link\" href=\"https:\/\/emanpackaging.com\/eu\/packaging-para-farmacia\/\">\n\t\t\t\t\t\tPackaging para farmacia\t\t\t\t\t<\/a>\n\t\t\t\t<\/h4>\n\t\t\t\n\t\t\t\t\t\t\t\t\t\t<div class=\"fusion-rollover-categories\"><a href=\"https:\/\/emanpackaging.com\/eu\/category\/cosmetica-eu\/\" rel=\"tag\">cosm\u00e9tica<\/a>, <a href=\"https:\/\/emanpackaging.com\/eu\/category\/farmacia-eu\/\" rel=\"tag\">farmacia<\/a>, <a href=\"https:\/\/emanpackaging.com\/eu\/category\/packaging-eu\/\" rel=\"tag\">packaging<\/a><\/div>\t\t\t\t\t\n\t\t\n\t\t\t\t\t\t<a class=\"fusion-link-wrapper\" href=\"https:\/\/emanpackaging.com\/eu\/packaging-para-farmacia\/\" aria-label=\"Packaging para farmacia\"><\/a>\n\t<\/div>\n<\/div>\n<\/div>\n<\/li>\n\t\t\t\n\t\t\t\n\t\t\t\t\t\t\t\t\t\t\t\t\t\t\t\t\t\t\t\t\t\t\t\t\t\t\t\t\t\t\t\t\t\t\t\t\t\t\t\t\t\t\t\t\t\t\t\t\t\t\t\t\t\t\t\t\t\t\t\t\t\t\t\t\t\t\t\t<\/ul>\n\t<\/div>\n\t<div class=\"fusion-post-content-wrapper\" style=\"padding:30px 25px 25px 25px;\"><div class=\"fusion-post-content post-content\"><h2 class=\"blog-shortcode-post-title entry-title\"><a href=\"https:\/\/emanpackaging.com\/eu\/packaging-para-farmacia\/\">Packaging para farmacia<\/a><\/h2><p class=\"fusion-single-line-meta\"><span class=\"vcard\" style=\"display: none;\"><span class=\"fn\"><a href=\"https:\/\/emanpackaging.com\/eu\/author\/eman\/\" title=\"eman(r)en bidalketak\" rel=\"author\">eman<\/a><\/span><\/span><span class=\"updated\" style=\"display:none;\">2024-07-24T08:49:39+01:00<\/span><span>22\/02\/2016<\/span><span class=\"fusion-inline-sep\">|<\/span><\/p><div class=\"fusion-content-sep sep-double sep-solid\"><\/div><div class=\"fusion-post-content-container\"><p><\/p><p>En Eman somos especialistas en packaging para productos farmac\u00e9uticos y cosm\u00e9ticos. Son sectores muy exigentes por sus necesidades tanto t\u00e9cnicas como legales. Realizamos todo tipo de cajas, de todos los tama\u00f1os para medicamentos, c\u00e1psulas, pastillas [...]<\/p><\/div><\/div><div class=\"fusion-meta-info\"><div class=\"fusion-alignleft\"><a class=\"fusion-read-more\" href=\"https:\/\/emanpackaging.com\/eu\/packaging-para-farmacia\/\" aria-label=\"More on Packaging para farmacia\">Read More<\/a><\/div><\/div><\/div><div class=\"fusion-clearfix\"><\/div><\/div>\n<\/article>\n<article id=\"blog-1-post-1317\" class=\"fusion-post-grid post-1317 post type-post status-publish format-standard has-post-thumbnail hentry category-asa-algodon-eu category-vinos-eu tag-asa-eu tag-bodega-eu tag-caja-eu tag-caja-ecommerce-eu tag-carton-eu tag-eman-eu tag-estuche-eu tag-la-rioja-eu tag-packaging-2-eu tag-personalizado-eu tag-puente-ea-eu tag-regalo-eu tag-vino-eu\">\n<div class=\"fusion-post-wrapper\" style=\"background-color:rgba(255,255,255,0);border:1px solid #ebeaea;border-bottom-width:3px;\">\n\n\t\t\t<div class=\"fusion-flexslider flexslider fusion-flexslider-loading fusion-post-slideshow\" style=\"border-color:#ebeaea;\">\n\t\t<ul class=\"slides\">\n\t\t\t\n\t\t\t\t\t\t\t\t\t\t\t\t\t\t<li><div  class=\"fusion-image-wrapper\" aria-haspopup=\"true\">\n\t\t\t\t<img decoding=\"async\" width=\"538\" height=\"600\" src=\"https:\/\/emanpackaging.com\/wp-content\/uploads\/2015\/11\/puente-ea.jpg\" class=\"attachment-full size-full wp-post-image\" alt=\"\" \/><div class=\"fusion-rollover\">\n\t<div class=\"fusion-rollover-content\">\n\n\t\t\t\t\t\t\t\t\t\t\t\t\t\t<a class=\"fusion-rollover-link\" href=\"https:\/\/emanpackaging.com\/eu\/bodega-puente-ea\/\">Edici\u00f3n especial para la bodega Puente del EA de La Rioja<\/a>\n\t\t\t\n\t\t\t\t\t\t\t\t\t\t\t\t\t\t\n\t\t\t\t\t\t\t\t\n\t\t\t\t\t\t\t\t\t\t\t\t\t<div class=\"fusion-rollover-sep\"><\/div>\n\t\t\t\t\n\t\t\t\t\t\t\t\t\t\t\t\t\t\t\t\t\t\t<a class=\"fusion-rollover-gallery\" href=\"https:\/\/emanpackaging.com\/wp-content\/uploads\/2015\/11\/puente-ea.jpg\" data-options=\"\" data-id=\"1317\" data-rel=\"iLightbox[gallery]\" data-title=\"puente-ea\" data-caption=\"\">\n\t\t\t\t\t\tGallery\t\t\t\t\t<\/a>\n\t\t\t\t\t\t\t\t\t\t\t\t\t\t\n\t\t\n\t\t\t\t\t\t\t\t\t\t\t\t<h4 class=\"fusion-rollover-title\">\n\t\t\t\t\t<a class=\"fusion-rollover-title-link\" href=\"https:\/\/emanpackaging.com\/eu\/bodega-puente-ea\/\">\n\t\t\t\t\t\tEdici\u00f3n especial para la bodega Puente del EA de La Rioja\t\t\t\t\t<\/a>\n\t\t\t\t<\/h4>\n\t\t\t\n\t\t\t\t\t\t\t\t\t\t<div class=\"fusion-rollover-categories\"><a href=\"https:\/\/emanpackaging.com\/eu\/category\/asa-algodon-eu\/\" rel=\"tag\">Asa algod\u00f3n<\/a>, <a href=\"https:\/\/emanpackaging.com\/eu\/category\/vinos-eu\/\" rel=\"tag\">vinos<\/a><\/div>\t\t\t\t\t\n\t\t\n\t\t\t\t\t\t<a class=\"fusion-link-wrapper\" href=\"https:\/\/emanpackaging.com\/eu\/bodega-puente-ea\/\" aria-label=\"Edici\u00f3n especial para la bodega Puente del EA de La Rioja\"><\/a>\n\t<\/div>\n<\/div>\n<\/div>\n<\/li>\n\t\t\t\n\t\t\t\n\t\t\t\t\t\t\t\t\t\t\t\t\t\t\t\t\t\t\t\t\t\t\t\t\t\t\t\t\t\t\t\t\t\t\t\t\t\t\t\t\t\t\t\t\t\t\t\t\t\t\t\t\t\t\t\t\t\t\t\t\t\t\t\t\t\t\t\t<\/ul>\n\t<\/div>\n\t<div class=\"fusion-post-content-wrapper\" style=\"padding:30px 25px 25px 25px;\"><div class=\"fusion-post-content post-content\"><h2 class=\"blog-shortcode-post-title entry-title\"><a href=\"https:\/\/emanpackaging.com\/eu\/bodega-puente-ea\/\">Edici\u00f3n especial para la bodega Puente del EA de La Rioja<\/a><\/h2><p class=\"fusion-single-line-meta\"><span class=\"vcard\" style=\"display: none;\"><span class=\"fn\"><a href=\"https:\/\/emanpackaging.com\/eu\/author\/eman\/\" title=\"eman(r)en bidalketak\" rel=\"author\">eman<\/a><\/span><\/span><span class=\"updated\" style=\"display:none;\">2024-07-24T08:49:40+01:00<\/span><span>26\/11\/2015<\/span><span class=\"fusion-inline-sep\">|<\/span><\/p><div class=\"fusion-content-sep sep-double sep-solid\"><\/div><div class=\"fusion-post-content-container\"><p><\/p><p>\u00a0 Estamos muy contentos de presentar el nuevo estuche de tres botellas que hemos realizado para la reconocida bodega Puente del EA de La Rioja. Los vinos de esta temporada fueron presentados en sociedad la [...]<\/p><\/div><\/div><div class=\"fusion-meta-info\"><div class=\"fusion-alignleft\"><a class=\"fusion-read-more\" href=\"https:\/\/emanpackaging.com\/eu\/bodega-puente-ea\/\" aria-label=\"More on Edici\u00f3n especial para la bodega Puente del EA de La Rioja\">Read More<\/a><\/div><\/div><\/div><div class=\"fusion-clearfix\"><\/div><\/div>\n<\/article>\n<article id=\"blog-1-post-1326\" class=\"fusion-post-grid post-1326 post type-post status-publish format-standard has-post-thumbnail hentry category-alimentacion-eu category-asa-algodon-eu category-packaging-eu category-textil-eu tag-asa-eu tag-asa-algodon-2-eu tag-caja-eu tag-conservas-eu tag-cuerda-eu tag-packaging-2-eu tag-regalo-eu\">\n<div class=\"fusion-post-wrapper\" style=\"background-color:rgba(255,255,255,0);border:1px solid #ebeaea;border-bottom-width:3px;\">\n\n\t\t\t<div class=\"fusion-flexslider flexslider fusion-flexslider-loading fusion-post-slideshow\" style=\"border-color:#ebeaea;\">\n\t\t<ul class=\"slides\">\n\t\t\t\n\t\t\t\t\t\t\t\t\t\t\t\t\t\t<li><div  class=\"fusion-image-wrapper\" aria-haspopup=\"true\">\n\t\t\t\t<img decoding=\"async\" width=\"502\" height=\"325\" src=\"https:\/\/emanpackaging.com\/wp-content\/uploads\/2016\/06\/eman-caja-conservas.jpg\" class=\"attachment-full size-full wp-post-image\" alt=\"eman-caja-conservas\" \/><div class=\"fusion-rollover\">\n\t<div class=\"fusion-rollover-content\">\n\n\t\t\t\t\t\t\t\t\t\t\t\t\t\t<a class=\"fusion-rollover-link\" href=\"https:\/\/emanpackaging.com\/eu\/caja-con-asa-de-algodon\/\">Caja con asa de algod\u00f3n<\/a>\n\t\t\t\n\t\t\t\t\t\t\t\t\t\t\t\t\t\t\n\t\t\t\t\t\t\t\t\n\t\t\t\t\t\t\t\t\t\t\t\t\t<div class=\"fusion-rollover-sep\"><\/div>\n\t\t\t\t\n\t\t\t\t\t\t\t\t\t\t\t\t\t\t\t\t\t\t<a class=\"fusion-rollover-gallery\" href=\"https:\/\/emanpackaging.com\/wp-content\/uploads\/2016\/06\/eman-caja-conservas.jpg\" data-options=\"\" data-id=\"1326\" data-rel=\"iLightbox[gallery]\" data-title=\"eman-caja-conservas\" data-caption=\"\">\n\t\t\t\t\t\tGallery\t\t\t\t\t<\/a>\n\t\t\t\t\t\t\t\t\t\t\t\t\t\t\n\t\t\n\t\t\t\t\t\t\t\t\t\t\t\t<h4 class=\"fusion-rollover-title\">\n\t\t\t\t\t<a class=\"fusion-rollover-title-link\" href=\"https:\/\/emanpackaging.com\/eu\/caja-con-asa-de-algodon\/\">\n\t\t\t\t\t\tCaja con asa de algod\u00f3n\t\t\t\t\t<\/a>\n\t\t\t\t<\/h4>\n\t\t\t\n\t\t\t\t\t\t\t\t\t\t<div class=\"fusion-rollover-categories\"><a href=\"https:\/\/emanpackaging.com\/eu\/category\/alimentacion-eu\/\" rel=\"tag\">alimentaci\u00f3n<\/a>, <a href=\"https:\/\/emanpackaging.com\/eu\/category\/asa-algodon-eu\/\" rel=\"tag\">Asa algod\u00f3n<\/a>, <a href=\"https:\/\/emanpackaging.com\/eu\/category\/packaging-eu\/\" rel=\"tag\">packaging<\/a>, <a href=\"https:\/\/emanpackaging.com\/eu\/category\/textil-eu\/\" rel=\"tag\">textil<\/a><\/div>\t\t\t\t\t\n\t\t\n\t\t\t\t\t\t<a class=\"fusion-link-wrapper\" href=\"https:\/\/emanpackaging.com\/eu\/caja-con-asa-de-algodon\/\" aria-label=\"Caja con asa de algod\u00f3n\"><\/a>\n\t<\/div>\n<\/div>\n<\/div>\n<\/li>\n\t\t\t\n\t\t\t\n\t\t\t\t\t\t\t\t\t\t\t\t\t\t\t\t\t\t\t\t\t\t\t\t\t\t\t\t\t\t\t\t\t\t\t\t\t\t\t\t\t\t\t\t\t\t\t\t\t\t\t\t\t\t\t\t\t\t\t\t\t\t\t\t\t\t\t\t<\/ul>\n\t<\/div>\n\t<div class=\"fusion-post-content-wrapper\" style=\"padding:30px 25px 25px 25px;\"><div class=\"fusion-post-content post-content\"><h2 class=\"blog-shortcode-post-title entry-title\"><a href=\"https:\/\/emanpackaging.com\/eu\/caja-con-asa-de-algodon\/\">Caja con asa de algod\u00f3n<\/a><\/h2><p class=\"fusion-single-line-meta\"><span class=\"vcard\" style=\"display: none;\"><span class=\"fn\"><a href=\"https:\/\/emanpackaging.com\/eu\/author\/eman\/\" title=\"eman(r)en bidalketak\" rel=\"author\">eman<\/a><\/span><\/span><span class=\"updated\" style=\"display:none;\">2024-07-24T08:49:42+01:00<\/span><span>30\/10\/2015<\/span><span class=\"fusion-inline-sep\">|<\/span><\/p><div class=\"fusion-content-sep sep-double sep-solid\"><\/div><div class=\"fusion-post-content-container\"><p><\/p><p>Hoy os presentamos una caja muy original y vers\u00e1til, un estuche con asa de algod\u00f3n. Al a\u00f1adir un asa de algod\u00f3n a una caja, autom\u00e1ticamente la convertimos en una estupenda presentaci\u00f3n para obsequios. El elemento [...]<\/p><\/div><\/div><div class=\"fusion-meta-info\"><div class=\"fusion-alignleft\"><a class=\"fusion-read-more\" href=\"https:\/\/emanpackaging.com\/eu\/caja-con-asa-de-algodon\/\" aria-label=\"More on Caja con asa de algod\u00f3n\">Read More<\/a><\/div><\/div><\/div><div class=\"fusion-clearfix\"><\/div><\/div>\n<\/article>\n<article id=\"blog-1-post-1335\" class=\"fusion-post-grid post-1335 post type-post status-publish format-standard has-post-thumbnail hentry category-eman-eu tag-2015-eu tag-aspack-eu tag-docu-world-eu tag-grupo-docu-world-eu\">\n<div class=\"fusion-post-wrapper\" style=\"background-color:rgba(255,255,255,0);border:1px solid #ebeaea;border-bottom-width:3px;\">\n\n\t\t\t<div class=\"fusion-flexslider flexslider fusion-flexslider-loading fusion-post-slideshow\" style=\"border-color:#ebeaea;\">\n\t\t<ul class=\"slides\">\n\t\t\t\n\t\t\t\t\t\t\t\t\t\t\t\t\t\t<li><div  class=\"fusion-image-wrapper\" aria-haspopup=\"true\">\n\t\t\t\t<img decoding=\"async\" width=\"1000\" height=\"724\" src=\"https:\/\/emanpackaging.com\/wp-content\/uploads\/2016\/06\/JoseRamonBenito-aspack-e1467104877702.jpg\" class=\"attachment-full size-full wp-post-image\" alt=\"\" \/><div class=\"fusion-rollover\">\n\t<div class=\"fusion-rollover-content\">\n\n\t\t\t\t\t\t\t\t\t\t\t\t\t\t<a class=\"fusion-rollover-link\" href=\"https:\/\/emanpackaging.com\/eu\/entrevista-jose-ramon-benito\/\">Entrevista a Jos\u00e9 Ram\u00f3n Benito, Presidente del Grupo Docu-World<\/a>\n\t\t\t\n\t\t\t\t\t\t\t\t\t\t\t\t\t\t\n\t\t\t\t\t\t\t\t\n\t\t\t\t\t\t\t\t\t\t\t\t\t<div class=\"fusion-rollover-sep\"><\/div>\n\t\t\t\t\n\t\t\t\t\t\t\t\t\t\t\t\t\t\t\t\t\t\t<a class=\"fusion-rollover-gallery\" href=\"https:\/\/emanpackaging.com\/wp-content\/uploads\/2016\/06\/JoseRamonBenito-aspack-e1467104877702.jpg\" data-options=\"\" data-id=\"1335\" data-rel=\"iLightbox[gallery]\" data-title=\"JoseRamonBenito-aspack\" data-caption=\"Jos\u00e9 Ram\u00f3n Benito, Presidente del grupo Docu World\">\n\t\t\t\t\t\tGallery\t\t\t\t\t<\/a>\n\t\t\t\t\t\t\t\t\t\t\t\t\t\t\n\t\t\n\t\t\t\t\t\t\t\t\t\t\t\t<h4 class=\"fusion-rollover-title\">\n\t\t\t\t\t<a class=\"fusion-rollover-title-link\" href=\"https:\/\/emanpackaging.com\/eu\/entrevista-jose-ramon-benito\/\">\n\t\t\t\t\t\tEntrevista a Jos\u00e9 Ram\u00f3n Benito, Presidente del Grupo Docu-World\t\t\t\t\t<\/a>\n\t\t\t\t<\/h4>\n\t\t\t\n\t\t\t\t\t\t\t\t\t\t<div class=\"fusion-rollover-categories\"><a href=\"https:\/\/emanpackaging.com\/eu\/category\/eman-eu\/\" rel=\"tag\">Eman<\/a><\/div>\t\t\t\t\t\n\t\t\n\t\t\t\t\t\t<a class=\"fusion-link-wrapper\" href=\"https:\/\/emanpackaging.com\/eu\/entrevista-jose-ramon-benito\/\" aria-label=\"Entrevista a Jos\u00e9 Ram\u00f3n Benito, Presidente del Grupo Docu-World\"><\/a>\n\t<\/div>\n<\/div>\n<\/div>\n<\/li>\n\t\t\t\n\t\t\t\n\t\t\t\t\t\t\t\t\t\t\t\t\t\t\t\t\t\t\t\t\t\t\t\t\t\t\t\t\t\t\t\t\t\t\t\t\t\t\t\t\t\t\t\t\t\t\t\t\t\t\t\t\t\t\t\t\t\t\t\t\t\t\t\t\t\t\t\t<\/ul>\n\t<\/div>\n\t<div class=\"fusion-post-content-wrapper\" style=\"padding:30px 25px 25px 25px;\"><div class=\"fusion-post-content post-content\"><h2 class=\"blog-shortcode-post-title entry-title\"><a href=\"https:\/\/emanpackaging.com\/eu\/entrevista-jose-ramon-benito\/\">Entrevista a Jos\u00e9 Ram\u00f3n Benito, Presidente del Grupo Docu-World<\/a><\/h2><p class=\"fusion-single-line-meta\"><span class=\"vcard\" style=\"display: none;\"><span class=\"fn\"><a href=\"https:\/\/emanpackaging.com\/eu\/author\/eman\/\" title=\"eman(r)en bidalketak\" rel=\"author\">eman<\/a><\/span><\/span><span class=\"updated\" style=\"display:none;\">2024-07-24T08:49:43+01:00<\/span><span>01\/10\/2015<\/span><span class=\"fusion-inline-sep\">|<\/span><\/p><div class=\"fusion-content-sep sep-double sep-solid\"><\/div><div class=\"fusion-post-content-container\"><p><\/p><p>    Jos\u00e9 Ram\u00f3n Benito, Presidente del grupo Docu World  Recientemente la prestigiosa publicaci\u00f3n ASPACK ha realizado una entrevista a Jos\u00e9 Ram\u00f3n Benito, Presidente del Grupo Docu-World.  [\u2026]<\/p>\n<\/div><\/div><div class=\"fusion-meta-info\"><div class=\"fusion-alignleft\"><a class=\"fusion-read-more\" href=\"https:\/\/emanpackaging.com\/eu\/entrevista-jose-ramon-benito\/\" aria-label=\"More on Entrevista a Jos\u00e9 Ram\u00f3n Benito, Presidente del Grupo Docu-World\">Read More<\/a><\/div><\/div><\/div><div class=\"fusion-clearfix\"><\/div><\/div>\n<\/article>\n<div class=\"fusion-clearfix\"><\/div><\/div><\/div><div class=\"fusion-clearfix\"><\/div><\/div><\/div><\/div><\/div>\n","protected":false},"excerpt":{"rendered":"","protected":false},"author":1,"featured_media":0,"parent":0,"menu_order":0,"comment_status":"closed","ping_status":"closed","template":"","meta":{"_exactmetrics_skip_tracking":false,"_exactmetrics_sitenote_active":false,"_exactmetrics_sitenote_note":"","_exactmetrics_sitenote_category":0,"footnotes":""},"class_list":["post-829","page","type-page","status-publish","hentry"],"_links":{"self":[{"href":"https:\/\/emanpackaging.com\/eu\/wp-json\/wp\/v2\/pages\/829"}],"collection":[{"href":"https:\/\/emanpackaging.com\/eu\/wp-json\/wp\/v2\/pages"}],"about":[{"href":"https:\/\/emanpackaging.com\/eu\/wp-json\/wp\/v2\/types\/page"}],"author":[{"embeddable":true,"href":"https:\/\/emanpackaging.com\/eu\/wp-json\/wp\/v2\/users\/1"}],"replies":[{"embeddable":true,"href":"https:\/\/emanpackaging.com\/eu\/wp-json\/wp\/v2\/comments?post=829"}],"version-history":[{"count":3,"href":"https:\/\/emanpackaging.com\/eu\/wp-json\/wp\/v2\/pages\/829\/revisions"}],"predecessor-version":[{"id":24696,"href":"https:\/\/emanpackaging.com\/eu\/wp-json\/wp\/v2\/pages\/829\/revisions\/24696"}],"wp:attachment":[{"href":"https:\/\/emanpackaging.com\/eu\/wp-json\/wp\/v2\/media?parent=829"}],"curies":[{"name":"wp","href":"https:\/\/api.w.org\/{rel}","templated":true}]}}